{"id":313,"date":"2024-06-21T09:44:47","date_gmt":"2024-06-21T07:44:47","guid":{"rendered":"https:\/\/ftorrensroig.com\/?page_id=313"},"modified":"2024-08-06T17:44:53","modified_gmt":"2024-08-06T15:44:53","slug":"sobre-mi","status":"publish","type":"page","link":"https:\/\/ftorrensroig.com\/cat\/sobre-mi\/","title":{"rendered":"Sobre mi"},"content":{"rendered":"\t\t<div data-elementor-type=\"wp-page\" data-elementor-id=\"313\" class=\"elementor elementor-313\" data-elementor-post-type=\"page\">\n\t\t\t\t<div class=\"elementor-element elementor-element-f4c2d9b e-con-full elementor-hidden-mobile e-flex e-con e-parent\" data-id=\"f4c2d9b\" data-element_type=\"container\" data-e-type=\"container\" data-settings=\"{&quot;background_background&quot;:&quot;classic&quot;}\">\n\t\t<div class=\"elementor-element elementor-element-efa09de e-con-full glass e-flex e-con e-child\" data-id=\"efa09de\" data-element_type=\"container\" data-e-type=\"container\" data-settings=\"{&quot;background_background&quot;:&quot;classic&quot;}\">\n\t\t\t\t<div class=\"elementor-element elementor-element-f227a38 elementor-widget elementor-widget-heading\" data-id=\"f227a38\" data-element_type=\"widget\" data-e-type=\"widget\" data-widget_type=\"heading.default\">\n\t\t\t\t<div class=\"elementor-widget-container\">\n\t\t\t\t\t<h2 class=\"elementor-heading-title elementor-size-default\">Hola,soy F.Torrens Roig nac\u00ed en Terrasa en el a\u00f1o 56 en el seno de una familia entusiasta del mar pionera en la costa brava \"Llafranc, Calella y Tamariu \" desde los a\u00f1os 30 cuando a\u00fan \u00e9stas poblaciones eran desconocidas,los turistas no las hab\u00edan colonizado y los lugare\u00f1os viv\u00edan del mar.<\/h2>\t\t\t\t<\/div>\n\t\t\t\t<\/div>\n\t\t\t\t<\/div>\n\t\t\t\t<\/div>\n\t\t<div class=\"elementor-element elementor-element-9511497 e-con-full elementor-hidden-widescreen elementor-hidden-desktop elementor-hidden-laptop elementor-hidden-tablet_extra elementor-hidden-tablet elementor-hidden-mobile_extra e-flex e-con e-parent\" data-id=\"9511497\" data-element_type=\"container\" data-e-type=\"container\" data-settings=\"{&quot;background_background&quot;:&quot;classic&quot;}\">\n\t\t<div class=\"elementor-element elementor-element-1906315 e-con-full e-flex e-con e-child\" data-id=\"1906315\" data-element_type=\"container\" data-e-type=\"container\" data-settings=\"{&quot;background_background&quot;:&quot;classic&quot;}\">\n\t\t\t\t<\/div>\n\t\t<div class=\"elementor-element elementor-element-43855fb e-con-full e-flex e-con e-child\" data-id=\"43855fb\" data-element_type=\"container\" data-e-type=\"container\" data-settings=\"{&quot;background_background&quot;:&quot;classic&quot;}\">\n\t\t\t\t<div class=\"elementor-element elementor-element-96cede3 elementor-widget elementor-widget-heading\" data-id=\"96cede3\" data-element_type=\"widget\" data-e-type=\"widget\" data-widget_type=\"heading.default\">\n\t\t\t\t<div class=\"elementor-widget-container\">\n\t\t\t\t\t<h2 class=\"elementor-heading-title elementor-size-default\">Hola,soy F.Torrens Roig<\/h2>\t\t\t\t<\/div>\n\t\t\t\t<\/div>\n\t\t\t\t<div class=\"elementor-element elementor-element-7a6e7fc elementor-widget elementor-widget-heading\" data-id=\"7a6e7fc\" data-element_type=\"widget\" data-e-type=\"widget\" data-widget_type=\"heading.default\">\n\t\t\t\t<div class=\"elementor-widget-container\">\n\t\t\t\t\t<h2 class=\"elementor-heading-title elementor-size-default\">Nac\u00ed en Terrasa en el a\u00f1o 56 en el seno de una familia entusiasta del mar pionera en la costa brava \"Llafranc, Calella y Tamariu \" desde los a\u00f1os 30 cuando a\u00fan \u00e9stas poblaciones eran desconocidas,los turistas no las hab\u00edan colonizado y los lugare\u00f1os viv\u00edan del mar.<\/h2>\t\t\t\t<\/div>\n\t\t\t\t<\/div>\n\t\t\t\t<\/div>\n\t\t\t\t<\/div>\n\t\t<div class=\"elementor-element elementor-element-90eb8b9 e-con-full e-flex e-con e-parent\" data-id=\"90eb8b9\" data-element_type=\"container\" data-e-type=\"container\">\n\t\t<div class=\"elementor-element elementor-element-f445eae e-con-full animated-slow e-flex elementor-invisible e-con e-child\" data-id=\"f445eae\" data-element_type=\"container\" data-e-type=\"container\" data-settings=\"{&quot;animation&quot;:&quot;slideInLeft&quot;}\">\n\t\t\t\t<div class=\"elementor-element elementor-element-8418761 elementor-widget elementor-widget-heading\" data-id=\"8418761\" data-element_type=\"widget\" data-e-type=\"widget\" data-widget_type=\"heading.default\">\n\t\t\t\t<div class=\"elementor-widget-container\">\n\t\t\t\t\t<h2 class=\"elementor-heading-title elementor-size-default\">Actualmente resido en Palafrugell donde tengo mi taller en el cual a trav\u00e9s de esta Web os invito a entrar y conocer algo m\u00e1s de mi.<\/h2>\t\t\t\t<\/div>\n\t\t\t\t<\/div>\n\t\t\t\t<div class=\"elementor-element elementor-element-67458d2 elementor-widget elementor-widget-heading\" data-id=\"67458d2\" data-element_type=\"widget\" data-e-type=\"widget\" data-widget_type=\"heading.default\">\n\t\t\t\t<div class=\"elementor-widget-container\">\n\t\t\t\t\t<h2 class=\"elementor-heading-title elementor-size-default\">Soy autodidacta y defino mi pintura como sencilla,alegre  y colorista<\/h2>\t\t\t\t<\/div>\n\t\t\t\t<\/div>\n\t\t\t\t<div class=\"elementor-element elementor-element-6d4a4f3 elementor-widget elementor-widget-heading\" data-id=\"6d4a4f3\" data-element_type=\"widget\" data-e-type=\"widget\" data-widget_type=\"heading.default\">\n\t\t\t\t<div class=\"elementor-widget-container\">\n\t\t\t\t\t<h2 class=\"elementor-heading-title elementor-size-default\">\" Luz,color y aroma de mar \".<\/h2>\t\t\t\t<\/div>\n\t\t\t\t<\/div>\n\t\t\t\t<div class=\"elementor-element elementor-element-a1a3fb2 elementor-widget elementor-widget-heading\" data-id=\"a1a3fb2\" data-element_type=\"widget\" data-e-type=\"widget\" data-widget_type=\"heading.default\">\n\t\t\t\t<div class=\"elementor-widget-container\">\n\t\t\t\t\t<h2 class=\"elementor-heading-title elementor-size-default\">En mis lienzos intento plasmar y reflejar esa esencia de autenticidad de ese lugar m\u00edtico y encantador,una nostalgia de un pasado y de un presente que a\u00fan prevalece.<\/h2>\t\t\t\t<\/div>\n\t\t\t\t<\/div>\n\t\t\t\t<\/div>\n\t\t<div class=\"elementor-element elementor-element-651a57d e-con-full animated-slow e-flex elementor-invisible e-con e-child\" data-id=\"651a57d\" data-element_type=\"container\" data-e-type=\"container\" data-settings=\"{&quot;background_background&quot;:&quot;classic&quot;,&quot;animation&quot;:&quot;slideInRight&quot;}\">\n\t\t\t\t<\/div>\n\t\t\t\t<\/div>\n\t\t<div class=\"elementor-element elementor-element-2a7c842 e-con-full e-flex e-con e-parent\" data-id=\"2a7c842\" data-element_type=\"container\" data-e-type=\"container\" data-settings=\"{&quot;background_background&quot;:&quot;classic&quot;}\">\n\t\t<div class=\"elementor-element elementor-element-4b51541 e-con-full e-flex e-con e-child\" data-id=\"4b51541\" data-element_type=\"container\" data-e-type=\"container\">\n\t\t\t\t<div class=\"elementor-element elementor-element-5aca34b elementor-widget elementor-widget-heading\" data-id=\"5aca34b\" data-element_type=\"widget\" data-e-type=\"widget\" data-widget_type=\"heading.default\">\n\t\t\t\t<div class=\"elementor-widget-container\">\n\t\t\t\t\t<h2 class=\"elementor-heading-title elementor-size-default\">LLAFRANC, CALELLA DE PALAFRUGELL, TAMARIU\n<\/h2>\t\t\t\t<\/div>\n\t\t\t\t<\/div>\n\t\t\t\t<div class=\"elementor-element elementor-element-f80be94 elementor-widget elementor-widget-heading\" data-id=\"f80be94\" data-element_type=\"widget\" data-e-type=\"widget\" data-widget_type=\"heading.default\">\n\t\t\t\t<div class=\"elementor-widget-container\">\n\t\t\t\t\t<h2 class=\"elementor-heading-title elementor-size-default\">\"Una paleta de colores\"<\/h2>\t\t\t\t<\/div>\n\t\t\t\t<\/div>\n\t\t\t\t<\/div>\n\t\t<div class=\"elementor-element elementor-element-5c9fb0c e-con-full e-flex e-con e-child\" data-id=\"5c9fb0c\" data-element_type=\"container\" data-e-type=\"container\">\n\t\t\t\t<div class=\"elementor-element elementor-element-77f089b elementor-arrows-position-inside elementor-widget elementor-widget-image-carousel\" data-id=\"77f089b\" data-element_type=\"widget\" data-e-type=\"widget\" data-settings=\"{&quot;slides_to_show&quot;:&quot;3&quot;,&quot;slides_to_scroll&quot;:&quot;1&quot;,&quot;navigation&quot;:&quot;arrows&quot;,&quot;autoplay_speed&quot;:200,&quot;speed&quot;:1000,&quot;slides_to_show_mobile&quot;:&quot;1&quot;,&quot;image_spacing_custom&quot;:{&quot;unit&quot;:&quot;px&quot;,&quot;size&quot;:0,&quot;sizes&quot;:[]},&quot;autoplay&quot;:&quot;yes&quot;,&quot;pause_on_hover&quot;:&quot;yes&quot;,&quot;pause_on_interaction&quot;:&quot;yes&quot;,&quot;infinite&quot;:&quot;yes&quot;,&quot;image_spacing_custom_widescreen&quot;:{&quot;unit&quot;:&quot;px&quot;,&quot;size&quot;:&quot;&quot;,&quot;sizes&quot;:[]},&quot;image_spacing_custom_laptop&quot;:{&quot;unit&quot;:&quot;px&quot;,&quot;size&quot;:&quot;&quot;,&quot;sizes&quot;:[]},&quot;image_spacing_custom_tablet_extra&quot;:{&quot;unit&quot;:&quot;px&quot;,&quot;size&quot;:&quot;&quot;,&quot;sizes&quot;:[]},&quot;image_spacing_custom_tablet&quot;:{&quot;unit&quot;:&quot;px&quot;,&quot;size&quot;:&quot;&quot;,&quot;sizes&quot;:[]},&quot;image_spacing_custom_mobile_extra&quot;:{&quot;unit&quot;:&quot;px&quot;,&quot;size&quot;:&quot;&quot;,&quot;sizes&quot;:[]}}\" data-widget_type=\"image-carousel.default\">\n\t\t\t\t<div class=\"elementor-widget-container\">\n\t\t\t\t\t\t\t<div class=\"elementor-image-carousel-wrapper swiper\" role=\"region\" aria-roledescription=\"carousel\" aria-label=\"Carrusel d&#039;imatges\" dir=\"ltr\">\n\t\t\t<div class=\"elementor-image-carousel swiper-wrapper\" aria-live=\"off\">\n\t\t\t\t\t\t\t\t<div class=\"swiper-slide\" role=\"group\" aria-roledescription=\"slide\" aria-label=\"1 de 9\"><figure class=\"swiper-slide-inner\"><img decoding=\"async\" class=\"swiper-slide-image\" src=\"https:\/\/ftorrensroig.com\/wp-content\/uploads\/2024\/06\/Vent-scaled.jpg\" alt=\"Vent\" \/><\/figure><\/div><div class=\"swiper-slide\" role=\"group\" aria-roledescription=\"slide\" aria-label=\"2 de 9\"><figure class=\"swiper-slide-inner\"><img decoding=\"async\" class=\"swiper-slide-image\" src=\"https:\/\/ftorrensroig.com\/wp-content\/uploads\/2024\/06\/Tamariu-scaled.jpg\" alt=\"Tamariu\" \/><\/figure><\/div><div class=\"swiper-slide\" role=\"group\" aria-roledescription=\"slide\" aria-label=\"3 de 9\"><figure class=\"swiper-slide-inner\"><img decoding=\"async\" class=\"swiper-slide-image\" src=\"https:\/\/ftorrensroig.com\/wp-content\/uploads\/2024\/06\/Sunset-scaled.jpg\" alt=\"btrmdn\" \/><\/figure><\/div><div class=\"swiper-slide\" role=\"group\" aria-roledescription=\"slide\" aria-label=\"4 de 9\"><figure class=\"swiper-slide-inner\"><img decoding=\"async\" class=\"swiper-slide-image\" src=\"https:\/\/ftorrensroig.com\/wp-content\/uploads\/2024\/06\/El-Golfet-scaled.jpg\" alt=\"El Golfet\" \/><\/figure><\/div><div class=\"swiper-slide\" role=\"group\" aria-roledescription=\"slide\" aria-label=\"5 de 9\"><figure class=\"swiper-slide-inner\"><img decoding=\"async\" class=\"swiper-slide-image\" src=\"https:\/\/ftorrensroig.com\/wp-content\/uploads\/2024\/06\/Fondejant-scaled.jpg\" alt=\"Fondejant\" \/><\/figure><\/div><div class=\"swiper-slide\" role=\"group\" aria-roledescription=\"slide\" aria-label=\"6 de 9\"><figure class=\"swiper-slide-inner\"><img decoding=\"async\" class=\"swiper-slide-image\" src=\"https:\/\/ftorrensroig.com\/wp-content\/uploads\/2024\/06\/Llafranc-Pescador-scaled.jpg\" alt=\"Llafranc Pescador\" \/><\/figure><\/div><div class=\"swiper-slide\" role=\"group\" aria-roledescription=\"slide\" aria-label=\"7 de 9\"><figure class=\"swiper-slide-inner\"><img decoding=\"async\" class=\"swiper-slide-image\" src=\"https:\/\/ftorrensroig.com\/wp-content\/uploads\/2024\/06\/La-badia-anys-30-scaled.jpg\" alt=\"La badia anys 30\" \/><\/figure><\/div><div class=\"swiper-slide\" role=\"group\" aria-roledescription=\"slide\" aria-label=\"8 de 9\"><figure class=\"swiper-slide-inner\"><img decoding=\"async\" class=\"swiper-slide-image\" src=\"https:\/\/ftorrensroig.com\/wp-content\/uploads\/2024\/06\/Pioners-scaled.jpg\" alt=\"Pioners\" \/><\/figure><\/div><div class=\"swiper-slide\" role=\"group\" aria-roledescription=\"slide\" aria-label=\"9 de 9\"><figure class=\"swiper-slide-inner\"><img decoding=\"async\" class=\"swiper-slide-image\" src=\"https:\/\/ftorrensroig.com\/wp-content\/uploads\/2024\/06\/Barques-a-la-Sorra-scaled.jpg\" alt=\"Barques a la Sorra\" \/><\/figure><\/div>\t\t\t<\/div>\n\t\t\t\t\t\t\t\t\t\t\t\t<div class=\"elementor-swiper-button elementor-swiper-button-prev\" role=\"button\" tabindex=\"0\">\n\t\t\t\t\t\t<svg aria-hidden=\"true\" class=\"e-font-icon-svg e-eicon-chevron-left\" viewBox=\"0 0 1000 1000\" xmlns=\"http:\/\/www.w3.org\/2000\/svg\"><path d=\"M646 125C629 125 613 133 604 142L308 442C296 454 292 471 292 487 292 504 296 521 308 533L604 854C617 867 629 875 646 875 663 875 679 871 692 858 704 846 713 829 713 812 713 796 708 779 692 767L438 487 692 225C700 217 708 204 708 187 708 171 704 154 692 142 675 129 663 125 646 125Z\"><\/path><\/svg>\t\t\t\t\t<\/div>\n\t\t\t\t\t<div class=\"elementor-swiper-button elementor-swiper-button-next\" role=\"button\" tabindex=\"0\">\n\t\t\t\t\t\t<svg aria-hidden=\"true\" class=\"e-font-icon-svg e-eicon-chevron-right\" viewBox=\"0 0 1000 1000\" xmlns=\"http:\/\/www.w3.org\/2000\/svg\"><path d=\"M696 533C708 521 713 504 713 487 713 471 708 454 696 446L400 146C388 133 375 125 354 125 338 125 325 129 313 142 300 154 292 171 292 187 292 204 296 221 308 233L563 492 304 771C292 783 288 800 288 817 288 833 296 850 308 863 321 871 338 875 354 875 371 875 388 867 400 854L696 533Z\"><\/path><\/svg>\t\t\t\t\t<\/div>\n\t\t\t\t\n\t\t\t\t\t\t\t\t\t<\/div>\n\t\t\t\t\t\t<\/div>\n\t\t\t\t<\/div>\n\t\t\t\t<\/div>\n\t\t<div class=\"elementor-element elementor-element-7c80a5d e-con-full e-flex e-con e-child\" data-id=\"7c80a5d\" data-element_type=\"container\" data-e-type=\"container\">\n\t\t\t\t<div class=\"elementor-element elementor-element-8d93866 elementor-widget elementor-widget-text-editor\" data-id=\"8d93866\" data-element_type=\"widget\" data-e-type=\"widget\" data-widget_type=\"text-editor.default\">\n\t\t\t\t<div class=\"elementor-widget-container\">\n\t\t\t\t\t\t\t\t\t<p><span style=\"font-weight: 400;\">Fuente de inspiraci\u00f3n y car\u00e1cter pict\u00f3rico que al admirar sus paisajes despierta nuestra emoci\u00f3n ante la variedad e intensidad de la paleta de colores que aparece ante nosotros, a\u00f1adiendo tambi\u00e9n sus olores y una impresi\u00f3n de luminosidad y bienestar que exalta todos los sentidos.<\/span><\/p>\t\t\t\t\t\t\t\t<\/div>\n\t\t\t\t<\/div>\n\t\t\t\t<\/div>\n\t\t\t\t<\/div>\n\t\t<div class=\"elementor-element elementor-element-5287346 e-con-full e-flex e-con e-parent\" data-id=\"5287346\" data-element_type=\"container\" data-e-type=\"container\" data-settings=\"{&quot;background_background&quot;:&quot;classic&quot;}\">\n\t\t<div class=\"elementor-element elementor-element-3c71741 e-con-full animated-slow e-flex elementor-invisible e-con e-child\" data-id=\"3c71741\" data-element_type=\"container\" data-e-type=\"container\" data-settings=\"{&quot;background_background&quot;:&quot;classic&quot;,&quot;animation&quot;:&quot;slideInLeft&quot;}\">\n\t\t\t\t<\/div>\n\t\t<div class=\"elementor-element elementor-element-8c2942d e-con-full animated-slow e-flex elementor-invisible e-con e-child\" data-id=\"8c2942d\" data-element_type=\"container\" data-e-type=\"container\" data-settings=\"{&quot;animation&quot;:&quot;slideInRight&quot;}\">\n\t\t\t\t<div class=\"elementor-element elementor-element-4b4aa15 elementor-widget elementor-widget-text-editor\" data-id=\"4b4aa15\" data-element_type=\"widget\" data-e-type=\"widget\" data-widget_type=\"text-editor.default\">\n\t\t\t\t<div class=\"elementor-widget-container\">\n\t\t\t\t\t\t\t\t\t<p><span style=\"font-weight: 400;\">\u00bfEs posible pintar la belleza que tenemos ante nosotros?, este caos lum\u00ednico que nos hace reflexionar sobre el paisaje, es como un camino inici\u00e1tico que nos lleva a la creaci\u00f3n.\u00a0<\/span><\/p><p><span style=\"font-weight: 400;\">Playas de arena limpia y dorada; Ocres tonales dorados de amarillos, cadmio y n\u00e1poles, sienas, tierras y sombras naturales.\u00a0<\/span><\/p><p><span style=\"font-weight: 400;\">Espuma blanca\u00a0 de titanio, zinc y plata.<\/span><\/p><p><span style=\"font-weight: 400;\">Acumulaciones de rocas, bermell\u00f3n, rojo ingl\u00e9s y cadmio naranja combina con los sienas y sombras quemada, pardos y negro de marte.<\/span><\/p><p><span style=\"font-weight: 400;\">Una costa degradada de rocas desprendidas de las paredes de los acantilados, muchos de ellos sumergidos totalmente, otros emergen parcialmente convertidos en peque\u00f1os islotes erosionados por el impacto de las olas de los grandes temporales. <\/span><\/p>\t\t\t\t\t\t\t\t<\/div>\n\t\t\t\t<\/div>\n\t\t\t\t<\/div>\n\t\t\t\t<\/div>\n\t\t<div class=\"elementor-element elementor-element-f73fc20 e-con-full e-flex e-con e-parent\" data-id=\"f73fc20\" data-element_type=\"container\" data-e-type=\"container\" data-settings=\"{&quot;background_background&quot;:&quot;classic&quot;}\">\n\t\t<div class=\"elementor-element elementor-element-04204d0 e-con-full animated-slow e-flex elementor-invisible e-con e-child\" data-id=\"04204d0\" data-element_type=\"container\" data-e-type=\"container\" data-settings=\"{&quot;animation&quot;:&quot;slideInRight&quot;}\">\n\t\t\t\t<div class=\"elementor-element elementor-element-bf2fab9 elementor-widget elementor-widget-text-editor\" data-id=\"bf2fab9\" data-element_type=\"widget\" data-e-type=\"widget\" data-widget_type=\"text-editor.default\">\n\t\t\t\t<div class=\"elementor-widget-container\">\n\t\t\t\t\t\t\t\t\t<p><span style=\"font-weight: 400;\">La intensidad del viento es muy intensa, siendo la tramontana el m\u00e1s destacado, viento seco y de componente norte que le confiere una identidad propia a toda la comarca Ampurdanesa.\u00a0<\/span><\/p><p><span style=\"font-weight: 400;\">Vegetaci\u00f3n mediterr\u00e1nea, colores verde tierra, cadmios y permanentes combinan con gamas de ocres anaranjados, naturales y gamas de azulados, manganesos y cobalto.<\/span><\/p><p><span style=\"font-weight: 400;\">Omnipresencia de olores que se desprenden de las esencias y reinos de plantas como el tomillo, el laurel, el romero, la lavanda y los pinos que en este litoral mar\u00edtimo se adaptan en su lucha por la supervivencia bajo la acci\u00f3n implacable del viento que moldea y retuerce sus formas.<\/span><\/p>\t\t\t\t\t\t\t\t<\/div>\n\t\t\t\t<\/div>\n\t\t\t\t<\/div>\n\t\t<div class=\"elementor-element elementor-element-73c065a e-con-full animated-slow e-flex elementor-invisible e-con e-child\" data-id=\"73c065a\" data-element_type=\"container\" data-e-type=\"container\" data-settings=\"{&quot;background_background&quot;:&quot;classic&quot;,&quot;animation&quot;:&quot;slideInLeft&quot;}\">\n\t\t\t\t<\/div>\n\t\t\t\t<\/div>\n\t\t<div class=\"elementor-element elementor-element-7941f16 e-con-full e-flex e-con e-parent\" data-id=\"7941f16\" data-element_type=\"container\" data-e-type=\"container\" data-settings=\"{&quot;background_background&quot;:&quot;video&quot;,&quot;background_video_link&quot;:&quot;https:\\\/\\\/ftorrensroig.com\\\/wp-content\\\/uploads\\\/2024\\\/08\\\/corales.mp4&quot;,&quot;background_play_on_mobile&quot;:&quot;yes&quot;}\">\n\t\t<div class=\"elementor-background-video-container\">\n\t\t\t\t\t\t\t<video class=\"elementor-background-video-hosted\" role=\"presentation\" autoplay muted playsinline loop><\/video>\n\t\t\t\t\t<\/div><div class=\"elementor-element elementor-element-a0e824b e-con-full glass e-flex e-con e-child\" data-id=\"a0e824b\" data-element_type=\"container\" data-e-type=\"container\" data-settings=\"{&quot;background_background&quot;:&quot;classic&quot;}\">\n\t\t\t\t<div class=\"elementor-element elementor-element-2ef80f3 elementor-widget elementor-widget-text-editor\" data-id=\"2ef80f3\" data-element_type=\"widget\" data-e-type=\"widget\" data-widget_type=\"text-editor.default\">\n\t\t\t\t<div class=\"elementor-widget-container\">\n\t\t\t\t\t\t\t\t\t<p><span style=\"font-weight: 400;\">Sus cristalinas aguas y fondos marinos de maravillosos colores de azules turquesas, ultramares,\u00a0 prusias, cobaltos, celestes, cer\u00faleos y viol\u00e1ceos, esas aguas guardan peque\u00f1os tesoros, son lugares donde podemos contemplar la belleza y diversidad de formas de especies marinas en toda su plenitud, destacan sus paredes verticales salpicadas por m\u00faltiples entrantes y cavidades donde toda clase de organismos se incrustan para fijar su h\u00e1bitat. Las paredes de cara a la tramontana est\u00e1n muy bien representadas, gorgonias amarillas, tambi\u00e9n las rojas y en alg\u00fan suelo escondido a\u00fan podemos ver el tesoro del mediterr\u00e1neo, EL CORAL.<\/span><\/p><p><span style=\"font-weight: 400;\">Quien no puede maravillarse de ese despliegue de color; Rojos escarlata y coral, cadmios naranjas, tierras rojas y amarillas, violetas, turquesas, verdosos y ultramares.\u00a0<\/span><\/p><p><span style=\"font-weight: 400;\">El arca de No\u00e9 aparece ante nuestros ojos, grupos de palometas, representantes de l\u00e1bridos, tordos, sargos, salmonetes, mollas, rascasas, pulpos, langostas, congrios, meros, serranos y julivias. <\/span><\/p>\t\t\t\t\t\t\t\t<\/div>\n\t\t\t\t<\/div>\n\t\t\t\t<\/div>\n\t\t\t\t<\/div>\n\t\t<div class=\"elementor-element elementor-element-ffe41f2 e-con-full e-flex e-con e-parent\" data-id=\"ffe41f2\" data-element_type=\"container\" data-e-type=\"container\" data-settings=\"{&quot;background_background&quot;:&quot;video&quot;,&quot;background_video_link&quot;:&quot;https:\\\/\\\/ftorrensroig.com\\\/wp-content\\\/uploads\\\/2024\\\/08\\\/puesta-de-sol.mov&quot;,&quot;background_play_on_mobile&quot;:&quot;yes&quot;}\">\n\t\t<div class=\"elementor-background-video-container\">\n\t\t\t\t\t\t\t<video class=\"elementor-background-video-hosted\" role=\"presentation\" autoplay muted playsinline loop><\/video>\n\t\t\t\t\t<\/div><div class=\"elementor-element elementor-element-6688128 e-con-full glass e-flex e-con e-child\" data-id=\"6688128\" data-element_type=\"container\" data-e-type=\"container\" data-settings=\"{&quot;background_background&quot;:&quot;classic&quot;}\">\n\t\t\t\t<div class=\"elementor-element elementor-element-826caa0 elementor-widget elementor-widget-text-editor\" data-id=\"826caa0\" data-element_type=\"widget\" data-e-type=\"widget\" data-widget_type=\"text-editor.default\">\n\t\t\t\t<div class=\"elementor-widget-container\">\n\t\t\t\t\t\t\t\t\t<p><span style=\"font-weight: 400;\">Cinco de la tarde, un d\u00eda de verano, sol y cielo despejado, a esa hora y en ese tiempo la luz es anaranjada,anaranjada de tendencia rojiza, la naturaleza misma armoniza los colores, pinta los cuerpos y las formas de color dorado.Armonizar es saber interpretar esos efectos de luz y de color incluso cuando no son tan evidentes..<\/span><\/p>\t\t\t\t\t\t\t\t<\/div>\n\t\t\t\t<\/div>\n\t\t\t\t<\/div>\n\t\t\t\t<div class=\"elementor-element elementor-element-d9921e5 elementor-widget elementor-widget-heading\" data-id=\"d9921e5\" data-element_type=\"widget\" data-e-type=\"widget\" data-widget_type=\"heading.default\">\n\t\t\t\t<div class=\"elementor-widget-container\">\n\t\t\t\t\t<h2 class=\"elementor-heading-title elementor-size-default\">EN ESA VISI\u00d3N TENEMOS LUZ, \u00bfLA VEREMOS?\nES UNA PERCEPCI\u00d3N QUE NOS LLAMA AL AMOR  Y A LA VIDA, \u00bfLA SENTIREMOS?\nCADA MOMENTO DE NUESTRA VIDA PUEDE SER EL INICIO DE GRANDES COSAS.\n<\/h2>\t\t\t\t<\/div>\n\t\t\t\t<\/div>\n\t\t\t\t<\/div>\n\t\t<div class=\"elementor-element elementor-element-3beb91b e-con-full e-flex e-con e-parent\" data-id=\"3beb91b\" data-element_type=\"container\" data-e-type=\"container\" data-settings=\"{&quot;position&quot;:&quot;fixed&quot;}\">\n\t\t<div class=\"elementor-element elementor-element-0f7563f e-con-full e-flex e-con e-child\" data-id=\"0f7563f\" data-element_type=\"container\" data-e-type=\"container\" data-settings=\"{&quot;sticky_offset_mobile&quot;:0,&quot;sticky&quot;:&quot;bottom&quot;,&quot;sticky_on&quot;:[&quot;widescreen&quot;,&quot;desktop&quot;,&quot;laptop&quot;,&quot;tablet_extra&quot;,&quot;tablet&quot;,&quot;mobile_extra&quot;,&quot;mobile&quot;],&quot;sticky_offset&quot;:0,&quot;sticky_effects_offset&quot;:0,&quot;sticky_anchor_link_offset&quot;:0}\">\n\t\t\t\t<div class=\"elementor-element elementor-element-7ce241d elementor-widget elementor-widget-wp-widget-media_audio\" data-id=\"7ce241d\" data-element_type=\"widget\" data-e-type=\"widget\" data-widget_type=\"wp-widget-media_audio.default\">\n\t\t\t\t<div class=\"elementor-widget-container\">\n\t\t\t\t\t<audio class=\"wp-audio-shortcode\" id=\"audio-313-1\" loop preload=\"none\" style=\"width: 100%;\" controls=\"controls\"><source type=\"audio\/mpeg\" src=\"https:\/\/ftorrensroig.com\/wp-content\/uploads\/2024\/08\/meditation-relax.mp3?_=1\" \/><source type=\"audio\/mpeg\" src=\"https:\/\/ftorrensroig.com\/wp-content\/uploads\/2024\/08\/meditation-relax.mp3?_=1\" \/><a href=\"https:\/\/ftorrensroig.com\/wp-content\/uploads\/2024\/08\/meditation-relax.mp3\">https:\/\/ftorrensroig.com\/wp-content\/uploads\/2024\/08\/meditation-relax.mp3<\/a><\/audio>\t\t\t\t<\/div>\n\t\t\t\t<\/div>\n\t\t\t\t<\/div>\n\t\t\t\t<\/div>\n\t\t\t\t<\/div>\n\t\t","protected":false},"excerpt":{"rendered":"<p>Hola,soy F.Torrens Roig nac\u00ed en Terrasa en el a\u00f1o 56 en el seno de una familia entusiasta del mar pionera en la costa brava \u00abLlafranc, Calella y Tamariu \u00bb desde los a\u00f1os 30 cuando a\u00fan \u00e9stas poblaciones eran desconocidas,los turistas no las hab\u00edan colonizado y los lugare\u00f1os viv\u00edan del mar. Hola,soy F.Torrens Roig Nac\u00ed en [&hellip;]<\/p>\n","protected":false},"author":1,"featured_media":0,"parent":0,"menu_order":0,"comment_status":"closed","ping_status":"closed","template":"elementor_header_footer","meta":{"footnotes":""},"class_list":["post-313","page","type-page","status-publish","hentry"],"_links":{"self":[{"href":"https:\/\/ftorrensroig.com\/cat\/wp-json\/wp\/v2\/pages\/313","targetHints":{"allow":["GET"]}}],"collection":[{"href":"https:\/\/ftorrensroig.com\/cat\/wp-json\/wp\/v2\/pages"}],"about":[{"href":"https:\/\/ftorrensroig.com\/cat\/wp-json\/wp\/v2\/types\/page"}],"author":[{"embeddable":true,"href":"https:\/\/ftorrensroig.com\/cat\/wp-json\/wp\/v2\/users\/1"}],"replies":[{"embeddable":true,"href":"https:\/\/ftorrensroig.com\/cat\/wp-json\/wp\/v2\/comments?post=313"}],"version-history":[{"count":286,"href":"https:\/\/ftorrensroig.com\/cat\/wp-json\/wp\/v2\/pages\/313\/revisions"}],"predecessor-version":[{"id":4223,"href":"https:\/\/ftorrensroig.com\/cat\/wp-json\/wp\/v2\/pages\/313\/revisions\/4223"}],"wp:attachment":[{"href":"https:\/\/ftorrensroig.com\/cat\/wp-json\/wp\/v2\/media?parent=313"}],"curies":[{"name":"wp","href":"https:\/\/api.w.org\/{rel}","templated":true}]}}